{"id":23538,"date":"2025-04-07T23:27:48","date_gmt":"2025-04-07T21:27:48","guid":{"rendered":"https:\/\/www.salondessports.fr\/?page_id=23538"},"modified":"2025-05-23T18:40:16","modified_gmt":"2025-05-23T16:40:16","slug":"sports-careers-day","status":"publish","type":"page","link":"https:\/\/www.salondessports.fr\/en\/sports-careers-day\/","title":{"rendered":"Sports careers day"},"content":{"rendered":"<p>[et_pb_section fb_built=&#8221;1&#8243; _builder_version=&#8221;4.20.2&#8243; _module_preset=&#8221;default&#8221; background_color=&#8221;#8F8F8F&#8221; background_image=&#8221;https:\/\/www.salondessports.fr\/app\/uploads\/2025\/04\/AdobeStock_775155949-scaled.jpeg&#8221; background_blend=&#8221;multiply&#8221; custom_padding=&#8221;||83px||false|false&#8221; global_colors_info=&#8221;{}&#8221;][et_pb_row _builder_version=&#8221;4.20.2&#8243; _module_preset=&#8221;default&#8221; custom_margin=&#8221;-5px|auto|32px|auto||&#8221; global_colors_info=&#8221;{}&#8221;][et_pb_column type=&#8221;4_4&#8243; _builder_version=&#8221;4.20.2&#8243; _module_preset=&#8221;default&#8221; global_colors_info=&#8221;{}&#8221;][dsm_breadcrumbs home_icon=&#8221;&#xf015;||fa||900&#8243; separator_icon=&#8221;&#x39;||divi||400&#8243; separator_bg_color=&#8221;RGBA(255,255,255,0)&#8221; disabled_on=&#8221;on|off|off&#8221; _builder_version=&#8221;4.20.2&#8243; _module_preset=&#8221;default&#8221; separators_text_color=&#8221;#ffffff&#8221; current_text_color=&#8221;#FFFFFF&#8221; custom_margin=&#8221;||72px||false|false&#8221; global_colors_info=&#8221;{}&#8221;][\/dsm_breadcrumbs][et_pb_text _builder_version=&#8221;4.20.2&#8243; _module_preset=&#8221;default&#8221; text_text_color=&#8221;#FFFFFF&#8221; text_font_size=&#8221;23px&#8221; header_text_color=&#8221;#FFFFFF&#8221; header_font_size=&#8221;60px&#8221; custom_margin=&#8221;125px||1px|||&#8221; custom_padding=&#8221;||12px|||&#8221; hover_enabled=&#8221;0&#8243; global_colors_info=&#8221;{}&#8221; sticky_enabled=&#8221;0&#8243;]<\/p>\n<h1 class=\"has-text-align-center has-huge-font-size\" style=\"text-align: center;\">CAREERS IN AND AROUND SPORT<\/h1>\n<p>[\/et_pb_text][et_pb_text _builder_version=&#8221;4.20.2&#8243; _module_preset=&#8221;default&#8221; text_text_color=&#8221;#FFFFFF&#8221; header_text_color=&#8221;#FFFFFF&#8221; header_font_size=&#8221;60px&#8221; custom_margin=&#8221;||9px|||&#8221; hover_enabled=&#8221;0&#8243; global_colors_info=&#8221;{}&#8221; sticky_enabled=&#8221;0&#8243;]<\/p>\n<p class=\"has-text-align-center has-white-color has-text-color has-normal-font-size\" style=\"text-align: center;\">New this year,<strong> the Sports Professions Day is THE day to discover or present the professions, career paths and careers in sport<\/strong>, whether in the sports movement, local authorities, clubs &amp; associations or companies in the sector. But it&#8217;s also a day for exchanging and sharing information about the challenges, needs and realities of professions &#8211; skills &#8211; training &#8211; career paths, and above all <strong>a unique opportunity to find and\/or apply for job offers<\/strong>.<\/p>\n<p class=\"has-text-align-center\" style=\"text-align: center;\">The event is part of the <strong>Semaine des M\u00e9tiers de l&#8217;Emploi<\/strong> organised by the Ministry of Sport, Youth and the Voluntary Sector.<\/p>\n<p class=\"has-text-align-center has-medium-font-size\" style=\"text-align: center;\"><strong>Your springboard into the world of sport!<\/strong><\/p>\n<p>[\/et_pb_text][\/et_pb_column][\/et_pb_row][\/et_pb_section][et_pb_section fb_built=&#8221;1&#8243; _builder_version=&#8221;4.20.2&#8243; _module_preset=&#8221;default&#8221; background_enable_image=&#8221;off&#8221; background_size=&#8221;contain&#8221; background_position=&#8221;top_left&#8221; custom_margin=&#8221;||20px|||&#8221; custom_padding=&#8221;46px||6px|||&#8221; global_colors_info=&#8221;{}&#8221;][et_pb_row admin_label=&#8221;Ligne&#8221; _builder_version=&#8221;4.20.2&#8243; _module_preset=&#8221;default&#8221; background_color=&#8221;RGBA(255,255,255,0)&#8221; max_width=&#8221;1635px&#8221; custom_padding=&#8221;8px||0px|||&#8221; global_colors_info=&#8221;{}&#8221;][et_pb_column type=&#8221;4_4&#8243; _builder_version=&#8221;4.20.2&#8243; _module_preset=&#8221;default&#8221; custom_css_main_element=&#8221;margin:auto;&#8221; global_colors_info=&#8221;{}&#8221;][et_pb_text _builder_version=&#8221;4.20.2&#8243; _module_preset=&#8221;default&#8221; text_text_color=&#8221;#01253C&#8221; text_line_height=&#8221;1.3em&#8221; header_text_color=&#8221;#FFFFFF&#8221; header_font_size=&#8221;60px&#8221; header_2_text_color=&#8221;#292984&#8243; header_2_font_size=&#8221;40px&#8221; custom_margin=&#8221;-17px||9px|||&#8221; custom_padding=&#8221;29px|46px|14px|20px|false|false&#8221; hover_enabled=&#8221;0&#8243; global_colors_info=&#8221;{}&#8221; sticky_enabled=&#8221;0&#8243;]<\/p>\n<h2 class=\"has-text-align-center\" style=\"text-align: center;\">WHAT IS SPORTS CAREER DAY?<\/h2>\n<p style=\"text-align: left;\">[\/et_pb_text][\/et_pb_column][\/et_pb_row][et_pb_row column_structure=&#8221;1_2,1_2&#8243; _builder_version=&#8221;4.20.2&#8243; _module_preset=&#8221;default&#8221; background_color=&#8221;RGBA(255,255,255,0)&#8221; max_width=&#8221;1200px&#8221; custom_margin=&#8221;|auto|22px|auto||&#8221; custom_padding=&#8221;0px||0px|||&#8221; global_colors_info=&#8221;{}&#8221;][et_pb_column type=&#8221;1_2&#8243; _builder_version=&#8221;4.20.2&#8243; _module_preset=&#8221;default&#8221; global_colors_info=&#8221;{}&#8221;][et_pb_image src=&#8221;https:\/\/www.salondessports.fr\/app\/uploads\/2025\/04\/Recherche.png&#8221; alt=&#8221;Prix de l&#8217;Innovation du salon des Sports et Parasports 2024&#8243; title_text=&#8221;Recherche&#8221; align=&#8221;right&#8221; align_tablet=&#8221;center&#8221; align_phone=&#8221;center&#8221; align_last_edited=&#8221;on|phone&#8221; _builder_version=&#8221;4.20.2&#8243; _module_preset=&#8221;default&#8221; width=&#8221;99.5%&#8221; module_alignment=&#8221;right&#8221; min_height=&#8221;182px&#8221; custom_margin=&#8221;|36px||36px|false|true&#8221; custom_padding=&#8221;|0px||||&#8221; border_radii=&#8221;on|25px|25px|25px|25px&#8221; global_colors_info=&#8221;{}&#8221;][\/et_pb_image][\/et_pb_column][et_pb_column type=&#8221;1_2&#8243; _builder_version=&#8221;4.20.2&#8243; _module_preset=&#8221;default&#8221; custom_css_main_element=&#8221;margin:auto;&#8221; global_colors_info=&#8221;{}&#8221;][et_pb_text content_tablet=&#8221;<\/p>\n<p class=%22has-text-align-left has-medium-font-size%22 style=%22text-align: center;%22><span class=%22has-inline-color has-color-4-color%22><strong>De l\u2019emploi, des formations, des rencontres : un programme sur-mesure.<\/strong><\/span><\/p>\n<p>&#8221; content_phone=&#8221;<\/p>\n<p class=%22has-text-align-left has-medium-font-size%22 style=%22text-align: center;%22><span class=%22has-inline-color has-color-4-color%22><strong>De l\u2019emploi, des formations, des rencontres : un programme sur-mesure.<\/strong><\/span><\/p>\n<p>&#8221; content_last_edited=&#8221;off|desktop&#8221; _builder_version=&#8221;4.20.2&#8243; _module_preset=&#8221;default&#8221; text_text_color=&#8221;#FFBDC1&#8243; text_font_size=&#8221;16px&#8221; text_line_height=&#8221;1.5em&#8221; header_text_color=&#8221;#FFFFFF&#8221; header_font_size=&#8221;60px&#8221; header_2_text_color=&#8221;#292984&#8243; header_2_font_size=&#8221;40px&#8221; custom_margin=&#8221;||9px|-3px||&#8221; custom_padding=&#8221;29px|46px|0px|0px|false|false&#8221; hover_enabled=&#8221;0&#8243; global_colors_info=&#8221;{}&#8221; sticky_enabled=&#8221;0&#8243;]<\/p>\n<p class=\"has-text-align-left has-medium-font-size\"><strong>Jobs, training, meetings: a tailor-made programme.<\/strong><\/p>\n<p>[\/et_pb_text][et_pb_text content_tablet=&#8221;<\/p>\n<p class=%22has-text-align-left has-normal-font-size%22 style=%22text-align: center;%22>Le <strong>jeudi 21 novembre<\/strong> 2024, lors de la <strong>Journ\u00e9e des m\u00e9tiers du sport<\/strong>, venez explorer les multiples facettes de ce secteur en pleine expansion avec :<\/p>\n<div class=%22icon-img-text  icon-img-text--media-sm%22>\n<p class=%22icon-img-text__text%22 style=%22padding-left: 40px; text-align: center;%22>\u203a <strong>Des offres d\u2019emploi, d\u2019alternance, de stages<\/strong> accompagn\u00e9es de la pr\u00e9sentation de ces m\u00e9tiers et des <strong>formations <\/strong>n\u00e9cessaires sur les stands des exposants.<\/p>\n<p class=%22icon-img-text__text%22 style=%22padding-left: 40px; text-align: center;%22>\u203a Une op\u00e9ration de recrutement \u00ab <strong>Du stade vers l\u2019emploi<\/strong> \u00bb organis\u00e9e par France Travail, pour \u00eatre recrut\u00e9 autrement, sans CV par la pratique collective du sport<em> (sur inscription, nombre de places limit\u00e9es)<\/em>.<\/p>\n<p class=%22icon-img-text__text%22 style=%22padding-left: 40px; text-align: center;%22>\u203a <strong>Un programme de conf\u00e9rences<\/strong> et animations d\u00e9di\u00e9<\/p>\n<\/div>\n<p>&#8221; content_phone=&#8221;<\/p>\n<p class=%22has-text-align-left has-normal-font-size%22 style=%22text-align: center;%22>Le <strong>jeudi 21 novembre<\/strong> 2024, lors de la <strong>Journ\u00e9e des m\u00e9tiers du sport<\/strong>, venez explorer les multiples facettes de ce secteur en pleine expansion avec :<\/p>\n<div class=%22icon-img-text  icon-img-text--media-sm%22>\n<p class=%22icon-img-text__text%22 style=%22padding-left: 40px; text-align: center;%22>\u203a <strong>Des offres d\u2019emploi, d\u2019alternance, de stages<\/strong> accompagn\u00e9es de la pr\u00e9sentation de ces m\u00e9tiers et des <strong>formations <\/strong>n\u00e9cessaires sur les stands des exposants.<\/p>\n<p class=%22icon-img-text__text%22 style=%22padding-left: 40px; text-align: center;%22>\u203a Une op\u00e9ration de recrutement \u00ab <strong>Du stade vers l\u2019emploi<\/strong> \u00bb organis\u00e9e par France Travail, pour \u00eatre recrut\u00e9 autrement, sans CV par la pratique collective du sport<em> (sur inscription, nombre de places limit\u00e9es)<\/em>.<\/p>\n<p class=%22icon-img-text__text%22 style=%22padding-left: 40px; text-align: center;%22>\u203a <strong>Un programme de conf\u00e9rences<\/strong> et animations d\u00e9di\u00e9<\/p>\n<\/div>\n<p>&#8221; content_last_edited=&#8221;on|tablet&#8221; _builder_version=&#8221;4.20.2&#8243; _module_preset=&#8221;default&#8221; text_text_color=&#8221;#01253C&#8221; text_line_height=&#8221;1.5em&#8221; header_text_color=&#8221;#FFFFFF&#8221; header_font_size=&#8221;60px&#8221; header_2_text_color=&#8221;#292984&#8243; header_2_font_size=&#8221;40px&#8221; custom_margin=&#8221;||9px|||&#8221; custom_padding=&#8221;29px|46px|16px|0px|false|false&#8221; hover_enabled=&#8221;0&#8243; global_colors_info=&#8221;{}&#8221; sticky_enabled=&#8221;0&#8243;]<\/p>\n<p class=\"has-text-align-left has-normal-font-size\">On <strong>Thursday 21 November 2024<\/strong>, come and explore the many facets of this fast-growing sector at <strong>the Sports Professions Day<\/strong> with :<\/p>\n<div class=\"icon-img-text  icon-img-text--media-sm\">\n<p class=\"icon-img-text__text\" style=\"padding-left: 40px;\">\u203a <strong>Job offers, work-study<\/strong> schemes and internships, along with a presentation of these professions and the <strong>training<\/strong> required, will be on display at exhibitors&#8217; stands.<\/p>\n<p class=\"icon-img-text__text\" style=\"padding-left: 40px;\">\u203a A recruitment operation \u2018<strong>From the stadium to the job<\/strong>\u2019 organised by France Travail, to be recruited in a different way, without a CV, through the collective practice of sport <em>(on registration, number of places limited)<\/em>.<\/p>\n<p class=\"icon-img-text__text\" style=\"padding-left: 40px;\">\u203a A dedicated <strong>programme of conferences<\/strong> and events<\/p>\n<\/div>\n<p>[\/et_pb_text][\/et_pb_column][\/et_pb_row][\/et_pb_section][et_pb_section fb_built=&#8221;1&#8243; admin_label=&#8221;Section&#8221; _builder_version=&#8221;4.20.2&#8243; _module_preset=&#8221;default&#8221; background_color=&#8221;#292984&#8243; background_enable_image=&#8221;off&#8221; custom_margin=&#8221;||49px|||&#8221; custom_padding=&#8221;||43px|||&#8221; global_colors_info=&#8221;{}&#8221;][et_pb_row column_structure=&#8221;1_4,1_4,1_4,1_4&#8243; use_custom_gutter=&#8221;on&#8221; gutter_width=&#8221;2&#8243; admin_label=&#8221;Ligne&#8221; _builder_version=&#8221;4.20.2&#8243; _module_preset=&#8221;default&#8221; custom_padding=&#8221;0px|||||&#8221; global_colors_info=&#8221;{}&#8221;][et_pb_column type=&#8221;1_4&#8243; admin_label=&#8221;Colonne&#8221; _builder_version=&#8221;4.20.2&#8243; _module_preset=&#8221;default&#8221; global_colors_info=&#8221;{}&#8221;][et_pb_image src=&#8221;https:\/\/www.salondessports.fr\/app\/uploads\/2025\/04\/Collaborer-1.png&#8221; alt=&#8221;1.&#8221; title_text=&#8221;Collaborer&#8221; align=&#8221;center&#8221; _builder_version=&#8221;4.20.2&#8243; _module_preset=&#8221;default&#8221; background_enable_image=&#8221;off&#8221; background_size=&#8221;initial&#8221; background_blend=&#8221;screen&#8221; height=&#8221;95px&#8221; max_height=&#8221;218px&#8221; global_colors_info=&#8221;{}&#8221;][\/et_pb_image][et_pb_text _builder_version=&#8221;4.20.2&#8243; _module_preset=&#8221;default&#8221; text_text_color=&#8221;#FFFFFF&#8221; link_option_url=&#8221;#DSE&#8221; hover_enabled=&#8221;0&#8243; global_colors_info=&#8221;{}&#8221; sticky_enabled=&#8221;0&#8243;]<\/p>\n<p style=\"text-align: center;\"><strong>From stadium to employment<\/strong><\/p>\n<p>[\/et_pb_text][\/et_pb_column][et_pb_column type=&#8221;1_4&#8243; _builder_version=&#8221;4.20.2&#8243; _module_preset=&#8221;default&#8221; global_colors_info=&#8221;{}&#8221;][et_pb_image src=&#8221;https:\/\/www.salondessports.fr\/app\/uploads\/2025\/04\/embauche-1-1.png&#8221; alt=&#8221;1.&#8221; title_text=&#8221;embauche-1&#8243; align=&#8221;center&#8221; _builder_version=&#8221;4.20.2&#8243; _module_preset=&#8221;default&#8221; background_enable_image=&#8221;off&#8221; background_size=&#8221;initial&#8221; background_blend=&#8221;screen&#8221; height=&#8221;95px&#8221; max_height=&#8221;218px&#8221; locked=&#8221;off&#8221; global_colors_info=&#8221;{}&#8221;][\/et_pb_image][et_pb_text _builder_version=&#8221;4.20.2&#8243; _module_preset=&#8221;default&#8221; text_text_color=&#8221;#FFFFFF&#8221; link_option_url=&#8221;#EDS&#8221; hover_enabled=&#8221;0&#8243; global_colors_info=&#8221;{}&#8221; sticky_enabled=&#8221;0&#8243;]<\/p>\n<p style=\"text-align: center;\"><strong>Jobs in sport<\/strong><\/p>\n<p>[\/et_pb_text][\/et_pb_column][et_pb_column type=&#8221;1_4&#8243; _builder_version=&#8221;4.20.2&#8243; _module_preset=&#8221;default&#8221; global_colors_info=&#8221;{}&#8221;][et_pb_image src=&#8221;https:\/\/www.salondessports.fr\/app\/uploads\/2025\/04\/Conferences-1.png&#8221; alt=&#8221;1.&#8221; title_text=&#8221;Conferences&#8221; align=&#8221;center&#8221; _builder_version=&#8221;4.20.2&#8243; _module_preset=&#8221;default&#8221; background_enable_image=&#8221;off&#8221; background_size=&#8221;initial&#8221; background_blend=&#8221;screen&#8221; height=&#8221;95px&#8221; max_height=&#8221;218px&#8221; locked=&#8221;off&#8221; global_colors_info=&#8221;{}&#8221;][\/et_pb_image][et_pb_text _builder_version=&#8221;4.20.2&#8243; _module_preset=&#8221;default&#8221; text_text_color=&#8221;#FFFFFF&#8221; link_option_url=&#8221;#UPD&#8221; hover_enabled=&#8221;0&#8243; global_colors_info=&#8221;{}&#8221; sticky_enabled=&#8221;0&#8243;]<\/p>\n<p style=\"text-align: center;\"><strong>The program<\/strong><\/p>\n<p>[\/et_pb_text][\/et_pb_column][et_pb_column type=&#8221;1_4&#8243; _builder_version=&#8221;4.20.2&#8243; _module_preset=&#8221;default&#8221; global_colors_info=&#8221;{}&#8221;][et_pb_image src=&#8221;https:\/\/www.salondessports.fr\/app\/uploads\/2025\/04\/embauche-1-1.png&#8221; alt=&#8221;1.&#8221; title_text=&#8221;embauche-1&#8243; align=&#8221;center&#8221; _builder_version=&#8221;4.20.2&#8243; _module_preset=&#8221;default&#8221; background_enable_image=&#8221;off&#8221; background_size=&#8221;initial&#8221; background_blend=&#8221;screen&#8221; height=&#8221;95px&#8221; max_height=&#8221;218px&#8221; locked=&#8221;off&#8221; global_colors_info=&#8221;{}&#8221;][\/et_pb_image][et_pb_text _builder_version=&#8221;4.20.2&#8243; _module_preset=&#8221;default&#8221; text_text_color=&#8221;#FFFFFF&#8221; link_option_url=&#8221;#RDP&#8221; hover_enabled=&#8221;0&#8243; global_colors_info=&#8221;{}&#8221; sticky_enabled=&#8221;0&#8243;]<\/p>\n<p style=\"text-align: center;\"><strong>The partners<\/strong><\/p>\n<p>[\/et_pb_text][\/et_pb_column][\/et_pb_row][\/et_pb_section][et_pb_section fb_built=&#8221;1&#8243; admin_label=&#8221;Section&#8221; _builder_version=&#8221;4.20.2&#8243; _module_preset=&#8221;default&#8221; background_image=&#8221;https:\/\/www.salondessports.fr\/app\/uploads\/2024\/09\/Fond-arrondi-jaune-gauche.webp&#8221; background_size=&#8221;initial&#8221; background_position=&#8221;center_left&#8221; custom_margin=&#8221;-22px|||||&#8221; custom_padding=&#8221;24px||36px|||&#8221; global_colors_info=&#8221;{}&#8221;][et_pb_row column_structure=&#8221;2_5,3_5&#8243; module_id=&#8221;DSE&#8221; _builder_version=&#8221;4.20.2&#8243; _module_preset=&#8221;default&#8221; global_colors_info=&#8221;{}&#8221;][et_pb_column type=&#8221;2_5&#8243; admin_label=&#8221;Colonne&#8221; _builder_version=&#8221;4.20.2&#8243; _module_preset=&#8221;default&#8221; background_enable_image=&#8221;off&#8221; global_colors_info=&#8221;{}&#8221;][et_pb_image src=&#8221;https:\/\/www.salondessports.fr\/app\/uploads\/2025\/04\/AdobeStock_190038643.png&#8221; title_text=&#8221;AdobeStock_190038643&#8243; _builder_version=&#8221;4.20.2&#8243; _module_preset=&#8221;default&#8221; global_colors_info=&#8221;{}&#8221;][\/et_pb_image][\/et_pb_column][et_pb_column type=&#8221;3_5&#8243; admin_label=&#8221;Colonne&#8221; _builder_version=&#8221;4.20.2&#8243; _module_preset=&#8221;default&#8221; global_colors_info=&#8221;{}&#8221;][et_pb_text _builder_version=&#8221;4.20.2&#8243; _module_preset=&#8221;default&#8221; text_text_color=&#8221;#01253C&#8221; header_2_text_color=&#8221;#292984&#8243; header_2_font_size=&#8221;40px&#8221; custom_margin=&#8221;37px||0px|||&#8221; hover_enabled=&#8221;0&#8243; global_colors_info=&#8221;{}&#8221; sticky_enabled=&#8221;0&#8243;]<\/p>\n<h2>FROM THE STADIUM TO EMPLOYMENT<\/h2>\n<p>[\/et_pb_text][et_pb_text _builder_version=&#8221;4.20.2&#8243; _module_preset=&#8221;default&#8221; text_text_color=&#8221;#FFBDC1&#8243; header_2_text_color=&#8221;#292984&#8243; header_2_font_size=&#8221;40px&#8221; custom_margin=&#8221;9px||-23px|||&#8221; custom_padding=&#8221;0px||4px|||&#8221; hover_enabled=&#8221;0&#8243; text_text_color_tablet=&#8221;#FFBDC1&#8243; text_text_color_phone=&#8221;#044ED2&#8243; text_text_color_last_edited=&#8221;on|desktop&#8221; global_colors_info=&#8221;{}&#8221; sticky_enabled=&#8221;0&#8243;]<\/p>\n<p class=\"has-text-align-left has-medium-font-size\"><strong>Jobs, training, meetings: a tailor-made programme.<\/strong><\/p>\n<p>[\/et_pb_text][et_pb_text _builder_version=&#8221;4.20.2&#8243; _module_preset=&#8221;default&#8221; text_text_color=&#8221;#01253C&#8221; header_2_text_color=&#8221;#292984&#8243; header_2_font_size=&#8221;40px&#8221; custom_margin=&#8221;37px|||||&#8221; custom_padding=&#8221;0px|||||&#8221; hover_enabled=&#8221;0&#8243; global_colors_info=&#8221;{}&#8221; sticky_enabled=&#8221;0&#8243;]<\/p>\n<p><strong>Discover a new way of recruiting and being recruited!<\/strong> Take part in the \u2018From the stadium to the job\u2019 recruitment operation <strong>organised by France Travail<\/strong> and showcase your skills through sport.<\/p>\n<p><strong>The concept?<\/strong> Blind group sports activities between candidates and recruiters, to reveal your skills and competencies. Then, the identities and CVs or offers of each will be revealed during job datings.<\/p>\n<p><span style=\"color: #000000;\"><strong><span class=\"has-inline-color has-color-2-color\">Warning, Places are limited, subject to selection<\/span>.<\/strong> <\/span><br \/>[Registrations closed]<\/p>\n<p>[\/et_pb_text][\/et_pb_column][\/et_pb_row][\/et_pb_section][et_pb_section fb_built=&#8221;1&#8243; admin_label=&#8221;Section&#8221; _builder_version=&#8221;4.20.2&#8243; _module_preset=&#8221;default&#8221; background_image=&#8221;https:\/\/www.salondessports.fr\/app\/uploads\/2024\/09\/Fond-arrondi-rose-droite.webp&#8221; background_size=&#8221;initial&#8221; background_position=&#8221;center_right&#8221; custom_margin=&#8221;-22px|||||&#8221; custom_padding=&#8221;24px||36px|||&#8221; global_colors_info=&#8221;{}&#8221;][et_pb_row column_structure=&#8221;3_5,2_5&#8243; module_id=&#8221;EDS&#8221; _builder_version=&#8221;4.20.2&#8243; _module_preset=&#8221;default&#8221; hover_enabled=&#8221;0&#8243; global_colors_info=&#8221;{}&#8221; sticky_enabled=&#8221;0&#8243;][et_pb_column type=&#8221;3_5&#8243; admin_label=&#8221;Colonne&#8221; _builder_version=&#8221;4.20.2&#8243; _module_preset=&#8221;default&#8221; global_colors_info=&#8221;{}&#8221;][et_pb_text _builder_version=&#8221;4.20.2&#8243; _module_preset=&#8221;default&#8221; text_text_color=&#8221;#01253C&#8221; header_2_text_color=&#8221;#292984&#8243; header_2_font_size=&#8221;40px&#8221; custom_margin=&#8221;37px||0px|||&#8221; hover_enabled=&#8221;0&#8243; global_colors_info=&#8221;{}&#8221; sticky_enabled=&#8221;0&#8243;]<\/p>\n<h2>JOBS IN SPORT<\/h2>\n<p>[\/et_pb_text][et_pb_text _builder_version=&#8221;4.20.2&#8243; _module_preset=&#8221;default&#8221; text_text_color=&#8221;#FFBDC1&#8243; header_2_text_color=&#8221;#292984&#8243; header_2_font_size=&#8221;40px&#8221; custom_margin=&#8221;9px||-23px|||&#8221; custom_padding=&#8221;0px||4px|||&#8221; hover_enabled=&#8221;0&#8243; global_colors_info=&#8221;{}&#8221; sticky_enabled=&#8221;0&#8243;]<\/p>\n<p class=\"has-text-align-left has-medium-font-size\"><strong>Jobs, training, meetings: a tailor-made programme.<\/strong><\/p>\n<p>[\/et_pb_text][et_pb_text _builder_version=&#8221;4.20.2&#8243; _module_preset=&#8221;default&#8221; text_text_color=&#8221;#01253C&#8221; header_2_text_color=&#8221;#292984&#8243; header_2_font_size=&#8221;40px&#8221; custom_margin=&#8221;37px|||||&#8221; custom_padding=&#8221;0px|||||&#8221; hover_enabled=&#8221;0&#8243; global_colors_info=&#8221;{}&#8221; sticky_enabled=&#8221;0&#8243;]<\/p>\n<p><strong>Want to start a career in sport?<\/strong> The exhibitors&#8217; stands are your gateway to employment in sport!<\/p>\n<p>Visit the exhibitors&#8217; stands to discover a<strong> host of job, work-study and internship opportunities<\/strong> in the sports movement, local authorities, clubs &amp; associations and companies.<\/p>\n<p>Professionals from the sector will be on hand to tell you all about<strong> the different jobs in sport, the training you need<\/strong>, recruitment procedures and to point you in the direction of opportunities that match your profile.<\/p>\n<p>[\/et_pb_text][\/et_pb_column][et_pb_column type=&#8221;2_5&#8243; admin_label=&#8221;Colonne&#8221; _builder_version=&#8221;4.20.2&#8243; _module_preset=&#8221;default&#8221; global_colors_info=&#8221;{}&#8221;][et_pb_image src=&#8221;https:\/\/www.salondessports.fr\/app\/uploads\/2025\/04\/Rencontres-sur-salon.png&#8221; title_text=&#8221;Rencontres-sur-salon&#8221; _builder_version=&#8221;4.20.2&#8243; _module_preset=&#8221;default&#8221; global_colors_info=&#8221;{}&#8221;][\/et_pb_image][\/et_pb_column][\/et_pb_row][\/et_pb_section][et_pb_section fb_built=&#8221;1&#8243; admin_label=&#8221;Section&#8221; _builder_version=&#8221;4.20.2&#8243; _module_preset=&#8221;default&#8221; background_image=&#8221;https:\/\/www.salondessports.fr\/app\/uploads\/2024\/09\/Fond-arrondi-vert-gauche.webp&#8221; background_size=&#8221;initial&#8221; background_position=&#8221;center_left&#8221; custom_margin=&#8221;-22px|||||&#8221; custom_padding=&#8221;24px||36px|||&#8221; background_last_edited=&#8221;on|desktop&#8221; background_horizontal_offset_tablet=&#8221;0%&#8221; global_colors_info=&#8221;{}&#8221;][et_pb_row column_structure=&#8221;2_5,3_5&#8243; module_id=&#8221;UPD&#8221; _builder_version=&#8221;4.20.2&#8243; _module_preset=&#8221;default&#8221; global_colors_info=&#8221;{}&#8221;][et_pb_column type=&#8221;2_5&#8243; admin_label=&#8221;Colonne&#8221; _builder_version=&#8221;4.20.2&#8243; _module_preset=&#8221;default&#8221; background_enable_image=&#8221;off&#8221; background_size=&#8221;initial&#8221; global_colors_info=&#8221;{}&#8221;][et_pb_image src=&#8221;https:\/\/www.salondessports.fr\/app\/uploads\/2025\/04\/Sportifs-sur-un-banc.png&#8221; title_text=&#8221;Sportifs-sur-un-banc&#8221; admin_label=&#8221;Image&#8221; _builder_version=&#8221;4.20.2&#8243; _module_preset=&#8221;default&#8221; custom_margin=&#8221;38px||19px|||&#8221; global_colors_info=&#8221;{}&#8221;][\/et_pb_image][\/et_pb_column][et_pb_column type=&#8221;3_5&#8243; admin_label=&#8221;Colonne&#8221; _builder_version=&#8221;4.20.2&#8243; _module_preset=&#8221;default&#8221; global_colors_info=&#8221;{}&#8221;][et_pb_text _builder_version=&#8221;4.20.2&#8243; _module_preset=&#8221;default&#8221; text_text_color=&#8221;#01253C&#8221; header_2_text_color=&#8221;#292984&#8243; header_2_font_size=&#8221;40px&#8221; custom_margin=&#8221;37px||0px|||&#8221; hover_enabled=&#8221;0&#8243; global_colors_info=&#8221;{}&#8221; sticky_enabled=&#8221;0&#8243;]<\/p>\n<h2>A DEDICATED PROGRAM ON THURSDAY 21 november<\/h2>\n<p>[\/et_pb_text][et_pb_text _builder_version=&#8221;4.20.2&#8243; _module_preset=&#8221;default&#8221; text_text_color=&#8221;#01253C&#8221; header_2_text_color=&#8221;#292984&#8243; header_2_font_size=&#8221;40px&#8221; custom_margin=&#8221;11px||14px|||&#8221; custom_padding=&#8221;0px|||||&#8221; hover_enabled=&#8221;0&#8243; global_colors_info=&#8221;{}&#8221; sticky_enabled=&#8221;0&#8243;]<\/p>\n<div class=\"icon-img-text  icon-img-text--media-sm\">\n<p class=\"icon-img-text__text\">10h15 \u2013 10h45 \u2018<strong>Exclusive revelation of the results of the SPECIAL SURVEY SPORT &amp; HANDICAP<\/strong>: Professional integration of people with disabilities\u2019 by ANESTAPS, <em>in the Arena of Sport<\/em><\/p>\n<\/div>\n<p>[\/et_pb_text][et_pb_divider color=&#8221;#D6D6D6&#8243; _builder_version=&#8221;4.20.2&#8243; _module_preset=&#8221;default&#8221; min_height=&#8221;5px&#8221; custom_margin=&#8221;0px||0px||false|false&#8221; custom_padding=&#8221;0px||0px||false|false&#8221; global_colors_info=&#8221;{}&#8221;][\/et_pb_divider][et_pb_text _builder_version=&#8221;4.20.2&#8243; _module_preset=&#8221;default&#8221; text_text_color=&#8221;#01253C&#8221; header_2_text_color=&#8221;#292984&#8243; header_2_font_size=&#8221;40px&#8221; custom_margin=&#8221;-4px||14px|||&#8221; custom_padding=&#8221;0px|||||&#8221; hover_enabled=&#8221;0&#8243; global_colors_info=&#8221;{}&#8221; sticky_enabled=&#8221;0&#8243;]<\/p>\n<div class=\"icon-img-text  icon-img-text--media-sm\"><span>11h00 \u2013 11h30 <strong>\u2018Employment dynamics in sports clubs to welcome new participants after the Games\u2019<\/strong> by the MINISTRY OF SPORTS, YOUTH AND ASSOCIATIVE LIFE, <em>in the Arena of Sport<\/em><\/span><\/div>\n<p>[\/et_pb_text][et_pb_divider color=&#8221;#D6D6D6&#8243; _builder_version=&#8221;4.20.2&#8243; _module_preset=&#8221;default&#8221; min_height=&#8221;28px&#8221; custom_margin=&#8221;0px||0px||false|false&#8221; custom_padding=&#8221;0px||0px||false|false&#8221; global_colors_info=&#8221;{}&#8221;][\/et_pb_divider][et_pb_text _builder_version=&#8221;4.20.2&#8243; _module_preset=&#8221;default&#8221; text_text_color=&#8221;#01253C&#8221; header_2_text_color=&#8221;#292984&#8243; header_2_font_size=&#8221;40px&#8221; custom_margin=&#8221;-4px||14px|||&#8221; custom_padding=&#8221;0px|||||&#8221; hover_enabled=&#8221;0&#8243; global_colors_info=&#8221;{}&#8221; sticky_enabled=&#8221;0&#8243;]<\/p>\n<div class=\"icon-img-text  icon-img-text--media-sm\"><span>11h45-12h15 <strong>\u2018How do structures organise and adapt post-Olympic Games?&#8217;<\/strong> by COSMOS, <em>in l&#8217;Ar\u00e8ne du Sport<\/em><\/span><\/div>\n<p>[\/et_pb_text][et_pb_divider color=&#8221;#D6D6D6&#8243; _builder_version=&#8221;4.20.2&#8243; _module_preset=&#8221;default&#8221; min_height=&#8221;28px&#8221; custom_margin=&#8221;0px||0px||false|false&#8221; custom_padding=&#8221;0px||0px||false|false&#8221; global_colors_info=&#8221;{}&#8221;][\/et_pb_divider][et_pb_text _builder_version=&#8221;4.20.2&#8243; _module_preset=&#8221;default&#8221; text_text_color=&#8221;#01253C&#8221; header_2_text_color=&#8221;#292984&#8243; header_2_font_size=&#8221;40px&#8221; custom_margin=&#8221;-4px||14px|||&#8221; custom_padding=&#8221;0px|||||&#8221; hover_enabled=&#8221;0&#8243; global_colors_info=&#8221;{}&#8221; sticky_enabled=&#8221;0&#8243;]<\/p>\n<div class=\"icon-img-text  icon-img-text--media-sm\"><span>13h00 \u2013 13h30 <strong>\u2018Presentation of the \u2018Aquatique&#8217;s tour\u2019<\/strong> operation by ASPORTA, <em>on the Multisport Field<\/em><\/span><\/div>\n<p>[\/et_pb_text][et_pb_divider color=&#8221;#D6D6D6&#8243; _builder_version=&#8221;4.20.2&#8243; _module_preset=&#8221;default&#8221; min_height=&#8221;28px&#8221; custom_margin=&#8221;0px||0px||false|false&#8221; custom_padding=&#8221;0px||0px||false|false&#8221; global_colors_info=&#8221;{}&#8221;][\/et_pb_divider][et_pb_text _builder_version=&#8221;4.20.2&#8243; _module_preset=&#8221;default&#8221; text_text_color=&#8221;#01253C&#8221; header_2_text_color=&#8221;#292984&#8243; header_2_font_size=&#8221;40px&#8221; custom_margin=&#8221;-4px||14px|||&#8221; custom_padding=&#8221;0px|||||&#8221; hover_enabled=&#8221;0&#8243; global_colors_info=&#8221;{}&#8221; sticky_enabled=&#8221;0&#8243;]<\/p>\n<div class=\"icon-img-text  icon-img-text--media-sm\"><span>13h45 \u2013 16h00 <strong>\u2018Regional study day: What territorial network for COSMOS, representing employers in sport? &amp; Perspectives for local authorities from experiences of professional integration through sport with APELS&#8217;<\/strong> by ANDIISS, <em>in the Ar\u00e8ne du Sport<\/em><\/span><\/div>\n<p>[\/et_pb_text][\/et_pb_column][\/et_pb_row][\/et_pb_section][et_pb_section fb_built=&#8221;1&#8243; admin_label=&#8221;Section&#8221; _builder_version=&#8221;4.20.2&#8243; _module_preset=&#8221;default&#8221; custom_padding=&#8221;2px|||||&#8221; global_colors_info=&#8221;{}&#8221;][et_pb_row _builder_version=&#8221;4.20.2&#8243; _module_preset=&#8221;default&#8221; custom_padding=&#8221;46px||0px|||&#8221; global_colors_info=&#8221;{}&#8221;][et_pb_column type=&#8221;4_4&#8243; _builder_version=&#8221;4.20.2&#8243; _module_preset=&#8221;default&#8221; global_colors_info=&#8221;{}&#8221;][et_pb_text _builder_version=&#8221;4.20.2&#8243; _module_preset=&#8221;default&#8221; text_text_color=&#8221;#01253C&#8221; header_2_text_color=&#8221;#292984&#8243; header_2_font_size=&#8221;40px&#8221; custom_margin=&#8221;3px|||||&#8221; custom_padding=&#8221;||27px|||&#8221; hover_enabled=&#8221;0&#8243; global_colors_info=&#8221;{}&#8221; sticky_enabled=&#8221;0&#8243;]<\/p>\n<h2 class=\"has-text-align-center\" style=\"text-align: center;\">WITH THE SUPPORT AND PARTICIPATION OF THE SPORT&#8217;S INSTITUTIONAL PLAYERS:<\/h2>\n<p>[\/et_pb_text][\/et_pb_column][\/et_pb_row][et_pb_row column_structure=&#8221;1_5,1_5,1_5,1_5,1_5&#8243; use_custom_gutter=&#8221;on&#8221; gutter_width=&#8221;2&#8243; make_equal=&#8221;on&#8221; _builder_version=&#8221;4.20.2&#8243; _module_preset=&#8221;default&#8221; custom_padding=&#8221;0px||17px|||&#8221; global_colors_info=&#8221;{}&#8221;][et_pb_column type=&#8221;1_5&#8243; _builder_version=&#8221;4.20.2&#8243; _module_preset=&#8221;default&#8221; global_colors_info=&#8221;{}&#8221;][et_pb_image src=&#8221;https:\/\/www.salondessports.fr\/app\/uploads\/2023\/02\/LOGO_Sports_JO_Paralympiques-1024&#215;649-1.jpg&#8221; alt=&#8221;logo Minist\u00e8re des sports et des jeux olympiques et paralympiques&#8221; title_text=&#8221;logo Minist\u00e8re des sports et des jeux olympiques et paralympiques&#8221; align=&#8221;center&#8221; _builder_version=&#8221;4.20.2&#8243; _module_preset=&#8221;default&#8221; max_height=&#8221;100px&#8221; global_colors_info=&#8221;{}&#8221;][\/et_pb_image][\/et_pb_column][et_pb_column type=&#8221;1_5&#8243; _builder_version=&#8221;4.20.2&#8243; _module_preset=&#8221;default&#8221; global_colors_info=&#8221;{}&#8221;][et_pb_image src=&#8221;https:\/\/www.salondessports.fr\/app\/uploads\/2023\/02\/cnosf.png&#8221; alt=&#8221;logo CNOSF &#8211; Comit\u00e9 National Olympique et Sportif Fran\u00e7ais&#8221; title_text=&#8221;logo CNOSF &#8211; Comit\u00e9 National Olympique et Sportif Fran\u00e7ais&#8221; align=&#8221;center&#8221; _builder_version=&#8221;4.20.2&#8243; _module_preset=&#8221;default&#8221; max_height=&#8221;100px&#8221; global_colors_info=&#8221;{}&#8221;][\/et_pb_image][\/et_pb_column][et_pb_column type=&#8221;1_5&#8243; _builder_version=&#8221;4.20.2&#8243; _module_preset=&#8221;default&#8221; global_colors_info=&#8221;{}&#8221;][et_pb_image src=&#8221;https:\/\/www.salondessports.fr\/app\/uploads\/2024\/10\/union-sport-et-cycle-logo.png&#8221; alt=&#8221;logo CNOSF &#8211; Comit\u00e9 National Olympique et Sportif Fran\u00e7ais&#8221; title_text=&#8221;union-sport-et-cycle-logo&#8221; align=&#8221;center&#8221; _builder_version=&#8221;4.20.2&#8243; _module_preset=&#8221;default&#8221; max_height=&#8221;100px&#8221; global_colors_info=&#8221;{}&#8221;][\/et_pb_image][\/et_pb_column][et_pb_column type=&#8221;1_5&#8243; admin_label=&#8221;Colonne&#8221; _builder_version=&#8221;4.20.2&#8243; _module_preset=&#8221;default&#8221; global_colors_info=&#8221;{}&#8221;][et_pb_image src=&#8221;https:\/\/www.salondessports.fr\/app\/uploads\/2023\/09\/logo-FRANCE-PARALYMPIQUE.png&#8221; alt=&#8221;logo France Paralympique&#8221; title_text=&#8221;logo France Paralympique&#8221; align=&#8221;center&#8221; _builder_version=&#8221;4.20.2&#8243; _module_preset=&#8221;default&#8221; max_height=&#8221;100px&#8221; global_colors_info=&#8221;{}&#8221;][\/et_pb_image][\/et_pb_column][et_pb_column type=&#8221;1_5&#8243; admin_label=&#8221;Colonne&#8221; _builder_version=&#8221;4.20.2&#8243; _module_preset=&#8221;default&#8221; global_colors_info=&#8221;{}&#8221;][et_pb_image src=&#8221;https:\/\/www.salondessports.fr\/app\/uploads\/2023\/07\/telechargement.png&#8221; alt=&#8221;Logo ANS &#8211; Agence Nationale du Sport&#8221; title_text=&#8221;Logo ANS &#8211; Agence Nationale du Sport&#8221; align=&#8221;center&#8221; _builder_version=&#8221;4.20.2&#8243; _module_preset=&#8221;default&#8221; max_height=&#8221;100px&#8221; custom_padding=&#8221;20px||||false|false&#8221; custom_css_before=&#8221;margin:auto; &#8221; global_colors_info=&#8221;{}&#8221;][\/et_pb_image][\/et_pb_column][\/et_pb_row][et_pb_row column_structure=&#8221;1_5,1_5,1_5,1_5,1_5&#8243; use_custom_gutter=&#8221;on&#8221; gutter_width=&#8221;2&#8243; make_equal=&#8221;on&#8221; _builder_version=&#8221;4.20.2&#8243; _module_preset=&#8221;default&#8221; custom_padding=&#8221;0px||17px|||&#8221; global_colors_info=&#8221;{}&#8221;][et_pb_column type=&#8221;1_5&#8243; _builder_version=&#8221;4.20.2&#8243; _module_preset=&#8221;default&#8221; global_colors_info=&#8221;{}&#8221;][et_pb_image src=&#8221;https:\/\/www.salondessports.fr\/app\/uploads\/2025\/04\/Sport-et-Territoires.png&#8221; alt=&#8221;logo Minist\u00e8re des sports et des jeux olympiques et paralympiques&#8221; title_text=&#8221;Sport-et-Territoires&#8221; align=&#8221;center&#8221; _builder_version=&#8221;4.20.2&#8243; _module_preset=&#8221;default&#8221; max_height=&#8221;100px&#8221; global_colors_info=&#8221;{}&#8221;][\/et_pb_image][\/et_pb_column][et_pb_column type=&#8221;1_5&#8243; _builder_version=&#8221;4.20.2&#8243; _module_preset=&#8221;default&#8221; global_colors_info=&#8221;{}&#8221;][et_pb_image src=&#8221;https:\/\/www.salondessports.fr\/app\/uploads\/2024\/10\/fnoms.png&#8221; alt=&#8221;logo France Paralympique&#8221; title_text=&#8221;fnoms&#8221; align=&#8221;center&#8221; _builder_version=&#8221;4.20.2&#8243; _module_preset=&#8221;default&#8221; max_height=&#8221;100px&#8221; global_colors_info=&#8221;{}&#8221;][\/et_pb_image][\/et_pb_column][et_pb_column type=&#8221;1_5&#8243; _builder_version=&#8221;4.20.2&#8243; _module_preset=&#8221;default&#8221; global_colors_info=&#8221;{}&#8221;][et_pb_image src=&#8221;https:\/\/www.salondessports.fr\/app\/uploads\/2023\/02\/ANDES.jpg&#8221; alt=&#8221;logo ANDES &#8211; Le r\u00e9seau sport des collectivit\u00e9s locales&#8221; title_text=&#8221;logo ANDES &#8211; Le r\u00e9seau sport des collectivit\u00e9s locales&#8221; align=&#8221;center&#8221; _builder_version=&#8221;4.20.2&#8243; _module_preset=&#8221;default&#8221; max_height=&#8221;100px&#8221; custom_padding=&#8221;24px||||false|false&#8221; global_colors_info=&#8221;{}&#8221;][\/et_pb_image][\/et_pb_column][et_pb_column type=&#8221;1_5&#8243; _builder_version=&#8221;4.20.2&#8243; _module_preset=&#8221;default&#8221; global_colors_info=&#8221;{}&#8221;][et_pb_image src=&#8221;https:\/\/www.salondessports.fr\/app\/uploads\/2024\/10\/Logo-ANDIISS.png&#8221; alt=&#8221;Logo ANS &#8211; Agence Nationale du Sport&#8221; title_text=&#8221;Logo-ANDIISS&#8221; align=&#8221;center&#8221; _builder_version=&#8221;4.20.2&#8243; _module_preset=&#8221;default&#8221; max_height=&#8221;100px&#8221; custom_padding=&#8221;20px||||false|false&#8221; custom_css_before=&#8221;margin:auto; &#8221; global_colors_info=&#8221;{}&#8221;][\/et_pb_image][\/et_pb_column][et_pb_column type=&#8221;1_5&#8243; _builder_version=&#8221;4.20.2&#8243; _module_preset=&#8221;default&#8221; global_colors_info=&#8221;{}&#8221;][et_pb_image src=&#8221;https:\/\/www.salondessports.fr\/app\/uploads\/2025\/04\/NOVOSPORTS.png&#8221; alt=&#8221;logo FNOMS &#8211; F\u00e9d\u00e9ration Nationale des Offices du Sport&#8221; title_text=&#8221;NOVOSPORTS&#8221; align=&#8221;center&#8221; _builder_version=&#8221;4.20.2&#8243; _module_preset=&#8221;default&#8221; max_height=&#8221;92px&#8221; custom_padding=&#8221;||||false|false&#8221; custom_css_before=&#8221;margin:auto; &#8221; global_colors_info=&#8221;{}&#8221;][\/et_pb_image][\/et_pb_column][\/et_pb_row][et_pb_row column_structure=&#8221;1_5,1_5,1_5,1_5,1_5&#8243; use_custom_gutter=&#8221;on&#8221; gutter_width=&#8221;2&#8243; make_equal=&#8221;on&#8221; _builder_version=&#8221;4.20.2&#8243; _module_preset=&#8221;default&#8221; custom_padding=&#8221;0px|||||&#8221; global_colors_info=&#8221;{}&#8221;][et_pb_column type=&#8221;1_5&#8243; _builder_version=&#8221;4.20.2&#8243; _module_preset=&#8221;default&#8221; global_colors_info=&#8221;{}&#8221;][et_pb_image src=&#8221;https:\/\/www.salondessports.fr\/app\/uploads\/2025\/04\/Logo-ASPORTA-2048&#215;571-1.jpg&#8221; alt=&#8221;Logo ANDIISS &#8211; Association Nationale des Directeurs et des Intervenants d&#8217;Installations et des Services des Sports&#8221; title_text=&#8221;Logo-ASPORTA-2048&#215;571&#8243; align=&#8221;center&#8221; _builder_version=&#8221;4.20.2&#8243; _module_preset=&#8221;default&#8221; max_height=&#8221;100px&#8221; global_colors_info=&#8221;{}&#8221;][\/et_pb_image][\/et_pb_column][et_pb_column type=&#8221;1_5&#8243; _builder_version=&#8221;4.20.2&#8243; _module_preset=&#8221;default&#8221; global_colors_info=&#8221;{}&#8221;][et_pb_image src=&#8221;https:\/\/www.salondessports.fr\/app\/uploads\/2025\/04\/logo-ANESTAPS.png&#8221; alt=&#8221;logo Sports &#038; Territoires&#8221; title_text=&#8221;logo-ANESTAPS&#8221; align=&#8221;center&#8221; _builder_version=&#8221;4.20.2&#8243; _module_preset=&#8221;default&#8221; max_height=&#8221;100px&#8221; global_colors_info=&#8221;{}&#8221;][\/et_pb_image][\/et_pb_column][et_pb_column type=&#8221;1_5&#8243; _builder_version=&#8221;4.20.2&#8243; _module_preset=&#8221;default&#8221; global_colors_info=&#8221;{}&#8221;][et_pb_image src=&#8221;https:\/\/www.salondessports.fr\/app\/uploads\/2025\/04\/SNEP-\u2013-SYNDICAT-NATIONAL-DE-LEDUCATION-PHYSIQUE.jpg&#8221; alt=&#8221;logo FNOMS &#8211; F\u00e9d\u00e9ration Nationale des Offices du Sport&#8221; title_text=&#8221;SNEP-\u2013-SYNDICAT-NATIONAL-DE-LEDUCATION-PHYSIQUE&#8221; align=&#8221;center&#8221; _builder_version=&#8221;4.20.2&#8243; _module_preset=&#8221;default&#8221; max_height=&#8221;92px&#8221; custom_padding=&#8221;||||false|false&#8221; custom_css_before=&#8221;margin:auto; &#8221; global_colors_info=&#8221;{}&#8221;][\/et_pb_image][\/et_pb_column][et_pb_column type=&#8221;1_5&#8243; _builder_version=&#8221;4.20.2&#8243; _module_preset=&#8221;default&#8221; global_colors_info=&#8221;{}&#8221;][et_pb_image src=&#8221;https:\/\/www.salondessports.fr\/app\/uploads\/2025\/04\/AMOS.png&#8221; alt=&#8221;logo FNOMS &#8211; F\u00e9d\u00e9ration Nationale des Offices du Sport&#8221; title_text=&#8221;AMOS&#8221; align=&#8221;center&#8221; _builder_version=&#8221;4.20.2&#8243; _module_preset=&#8221;default&#8221; max_height=&#8221;92px&#8221; custom_padding=&#8221;||||false|false&#8221; custom_css_before=&#8221;margin:auto; &#8221; global_colors_info=&#8221;{}&#8221;][\/et_pb_image][\/et_pb_column][et_pb_column type=&#8221;1_5&#8243; _builder_version=&#8221;4.20.2&#8243; _module_preset=&#8221;default&#8221; global_colors_info=&#8221;{}&#8221;][\/et_pb_column][\/et_pb_row][\/et_pb_section][et_pb_section fb_built=&#8221;1&#8243; admin_label=&#8221;Section&#8221; _builder_version=&#8221;4.20.2&#8243; _module_preset=&#8221;default&#8221; custom_padding=&#8221;2px|||||&#8221; global_colors_info=&#8221;{}&#8221;][et_pb_row _builder_version=&#8221;4.20.2&#8243; _module_preset=&#8221;default&#8221; custom_padding=&#8221;46px||0px|||&#8221; global_colors_info=&#8221;{}&#8221;][et_pb_column type=&#8221;4_4&#8243; _builder_version=&#8221;4.20.2&#8243; _module_preset=&#8221;default&#8221; global_colors_info=&#8221;{}&#8221;][et_pb_text _builder_version=&#8221;4.20.2&#8243; _module_preset=&#8221;default&#8221; text_text_color=&#8221;#01253C&#8221; header_2_text_color=&#8221;#292984&#8243; header_2_font_size=&#8221;40px&#8221; custom_margin=&#8221;3px|||||&#8221; custom_padding=&#8221;||27px|||&#8221; hover_enabled=&#8221;0&#8243; global_colors_info=&#8221;{}&#8221; sticky_enabled=&#8221;0&#8243;]<\/p>\n<h2 class=\"has-text-align-center has-color-5-color has-text-color\" style=\"text-align: center;\">AND WITH THE SUPPORT AND PARTICIPATION OF THE SPORTS MEDIA:<\/h2>\n<p>[\/et_pb_text][\/et_pb_column][\/et_pb_row][et_pb_row column_structure=&#8221;1_4,1_4,1_4,1_4&#8243; use_custom_gutter=&#8221;on&#8221; gutter_width=&#8221;2&#8243; make_equal=&#8221;on&#8221; _builder_version=&#8221;4.20.2&#8243; _module_preset=&#8221;default&#8221; custom_margin=&#8221;||15px||false|false&#8221; custom_padding=&#8221;||||false|false&#8221; global_colors_info=&#8221;{}&#8221;][et_pb_column type=&#8221;1_4&#8243; _builder_version=&#8221;4.20.2&#8243; _module_preset=&#8221;default&#8221; custom_css_main_element=&#8221;margin: auto;&#8221; global_colors_info=&#8221;{}&#8221;][et_pb_image src=&#8221;https:\/\/www.salondessports.fr\/app\/uploads\/2025\/04\/CENTRES-AQUATIQUES-svg.png&#8221; alt=&#8221;logo Minist\u00e8re des sports et des jeux olympiques et paralympiques&#8221; title_text=&#8221;CENTRES-AQUATIQUES-svg&#8221; align=&#8221;center&#8221; _builder_version=&#8221;4.20.2&#8243; _module_preset=&#8221;default&#8221; max_height=&#8221;100px&#8221; global_colors_info=&#8221;{}&#8221;][\/et_pb_image][\/et_pb_column][et_pb_column type=&#8221;1_4&#8243; _builder_version=&#8221;4.20.2&#8243; _module_preset=&#8221;default&#8221; custom_css_main_element=&#8221;margin: auto;&#8221; global_colors_info=&#8221;{}&#8221;][et_pb_image src=&#8221;https:\/\/www.salondessports.fr\/app\/uploads\/2025\/04\/CLUB-ACTEURS-DU-SPORT-GAZETTE.png&#8221; alt=&#8221;logo CNOSF &#8211; Comit\u00e9 National Olympique et Sportif Fran\u00e7ais&#8221; title_text=&#8221;CLUB-ACTEURS-DU-SPORT-GAZETTE&#8221; align=&#8221;center&#8221; _builder_version=&#8221;4.20.2&#8243; _module_preset=&#8221;default&#8221; max_height=&#8221;100px&#8221; global_colors_info=&#8221;{}&#8221;][\/et_pb_image][\/et_pb_column][et_pb_column type=&#8221;1_4&#8243; _builder_version=&#8221;4.20.2&#8243; _module_preset=&#8221;default&#8221; custom_css_main_element=&#8221;margin: auto;&#8221; global_colors_info=&#8221;{}&#8221;][et_pb_image src=&#8221;https:\/\/www.salondessports.fr\/app\/uploads\/2025\/04\/LEQUIPE-LEQUIPE-2048&#215;511-1.png&#8221; alt=&#8221;logo ANDES &#8211; Le r\u00e9seau sport des collectivit\u00e9s locales&#8221; title_text=&#8221;LEQUIPE-LEQUIPE-2048&#215;511&#8243; align=&#8221;center&#8221; _builder_version=&#8221;4.20.2&#8243; _module_preset=&#8221;default&#8221; max_height=&#8221;100px&#8221; custom_padding=&#8221;24px||||false|false&#8221; global_colors_info=&#8221;{}&#8221;][\/et_pb_image][\/et_pb_column][et_pb_column type=&#8221;1_4&#8243; admin_label=&#8221;Colonne&#8221; _builder_version=&#8221;4.20.2&#8243; _module_preset=&#8221;default&#8221; custom_css_main_element=&#8221;margin: auto;&#8221; global_colors_info=&#8221;{}&#8221;][et_pb_image src=&#8221;https:\/\/www.salondessports.fr\/app\/uploads\/2025\/04\/SPORT-STRATEGIES-ai.png&#8221; alt=&#8221;logo France Paralympique&#8221; title_text=&#8221;SPORT-STRATEGIES-ai&#8221; align=&#8221;center&#8221; _builder_version=&#8221;4.20.2&#8243; _module_preset=&#8221;default&#8221; max_height=&#8221;100px&#8221; global_colors_info=&#8221;{}&#8221;][\/et_pb_image][\/et_pb_column][\/et_pb_row][et_pb_row column_structure=&#8221;1_4,1_4,1_4,1_4&#8243; use_custom_gutter=&#8221;on&#8221; gutter_width=&#8221;2&#8243; make_equal=&#8221;on&#8221; _builder_version=&#8221;4.20.2&#8243; _module_preset=&#8221;default&#8221; custom_padding=&#8221;||||false|false&#8221; global_colors_info=&#8221;{}&#8221;][et_pb_column type=&#8221;1_4&#8243; _builder_version=&#8221;4.20.2&#8243; _module_preset=&#8221;default&#8221; custom_css_main_element=&#8221;margin: auto;&#8221; global_colors_info=&#8221;{}&#8221;][et_pb_image src=&#8221;https:\/\/www.salondessports.fr\/app\/uploads\/2025\/04\/SPORTECHNEWS-ai.png&#8221; alt=&#8221;logo Minist\u00e8re des sports et des jeux olympiques et paralympiques&#8221; title_text=&#8221;SPORTECHNEWS-ai&#8221; align=&#8221;center&#8221; _builder_version=&#8221;4.20.2&#8243; _module_preset=&#8221;default&#8221; max_height=&#8221;100px&#8221; global_colors_info=&#8221;{}&#8221;][\/et_pb_image][\/et_pb_column][et_pb_column type=&#8221;1_4&#8243; _builder_version=&#8221;4.20.2&#8243; _module_preset=&#8221;default&#8221; custom_css_main_element=&#8221;margin: auto;&#8221; global_colors_info=&#8221;{}&#8221;][et_pb_image src=&#8221;https:\/\/www.salondessports.fr\/app\/uploads\/2025\/04\/SPORTECO-eps.png&#8221; alt=&#8221;logo CNOSF &#8211; Comit\u00e9 National Olympique et Sportif Fran\u00e7ais&#8221; title_text=&#8221;SPORTECO-eps&#8221; align=&#8221;center&#8221; _builder_version=&#8221;4.20.2&#8243; _module_preset=&#8221;default&#8221; max_height=&#8221;100px&#8221; global_colors_info=&#8221;{}&#8221;][\/et_pb_image][\/et_pb_column][et_pb_column type=&#8221;1_4&#8243; _builder_version=&#8221;4.20.2&#8243; _module_preset=&#8221;default&#8221; custom_css_main_element=&#8221;margin: auto;&#8221; global_colors_info=&#8221;{}&#8221;][et_pb_image src=&#8221;https:\/\/www.salondessports.fr\/app\/uploads\/2025\/04\/SPORTMAG-ai.png&#8221; alt=&#8221;logo ANDES &#8211; Le r\u00e9seau sport des collectivit\u00e9s locales&#8221; title_text=&#8221;SPORTMAG-ai&#8221; align=&#8221;center&#8221; _builder_version=&#8221;4.20.2&#8243; _module_preset=&#8221;default&#8221; max_height=&#8221;100px&#8221; custom_padding=&#8221;24px||||false|false&#8221; global_colors_info=&#8221;{}&#8221;][\/et_pb_image][\/et_pb_column][et_pb_column type=&#8221;1_4&#8243; admin_label=&#8221;Colonne&#8221; _builder_version=&#8221;4.20.2&#8243; _module_preset=&#8221;default&#8221; custom_css_main_element=&#8221;margin: auto;&#8221; global_colors_info=&#8221;{}&#8221;][et_pb_image src=&#8221;https:\/\/www.salondessports.fr\/app\/uploads\/2025\/04\/TERRAINS-DE-SPORTS.png&#8221; alt=&#8221;logo France Paralympique&#8221; title_text=&#8221;TERRAINS-DE-SPORTS&#8221; align=&#8221;center&#8221; _builder_version=&#8221;4.20.2&#8243; _module_preset=&#8221;default&#8221; max_height=&#8221;100px&#8221; global_colors_info=&#8221;{}&#8221;][\/et_pb_image][\/et_pb_column][\/et_pb_row][\/et_pb_section][et_pb_section fb_built=&#8221;1&#8243; _builder_version=&#8221;4.20.2&#8243; _module_preset=&#8221;default&#8221; background_color=&#8221;#f8f8f8&#8243; background_enable_image=&#8221;off&#8221; background_blend=&#8221;multiply&#8221; hover_enabled=&#8221;0&#8243; global_colors_info=&#8221;{}&#8221; sticky_enabled=&#8221;0&#8243;][et_pb_row column_structure=&#8221;2_5,3_5&#8243; make_equal=&#8221;on&#8221; _builder_version=&#8221;4.20.2&#8243; _module_preset=&#8221;default&#8221; width=&#8221;89%&#8221; max_width=&#8221;1400px&#8221; custom_padding=&#8221;0px||0px||true|false&#8221; global_colors_info=&#8221;{}&#8221;][et_pb_column type=&#8221;2_5&#8243; _builder_version=&#8221;4.20.2&#8243; _module_preset=&#8221;default&#8221; custom_css_main_element=&#8221;margin:auto;&#8221; global_colors_info=&#8221;{}&#8221;][et_pb_text _builder_version=&#8221;4.20.2&#8243; _module_preset=&#8221;default&#8221; text_text_color=&#8221;#474747&#8243; text_font_size=&#8221;16px&#8221; header_text_color=&#8221;#044ED2&#8243; header_2_font=&#8221;|600|||||||&#8221; header_2_text_align=&#8221;left&#8221; header_2_text_color=&#8221;#044ED2&#8243; header_2_font_size=&#8221;30px&#8221; header_3_text_align=&#8221;left&#8221; header_3_text_color=&#8221;#044ED2&#8243; header_3_font_size=&#8221;35px&#8221; custom_margin=&#8221;|||0px|false|false&#8221; custom_margin_tablet=&#8221;||30px|0px|false|false&#8221; custom_margin_phone=&#8221;||30px|0px|false|false&#8221; custom_margin_last_edited=&#8221;on|phone&#8221; custom_padding=&#8221;|||0px|false|false&#8221; hover_enabled=&#8221;0&#8243; header_2_font_size_tablet=&#8221;35px&#8221; header_2_font_size_phone=&#8221;35px&#8221; header_2_font_size_last_edited=&#8221;on|tablet&#8221; global_colors_info=&#8221;%91%93&#8243; sticky_enabled=&#8221;0&#8243;]<\/p>\n<h3>All the latest sport and parasport news delivered straight to your inbox!<\/h3>\n<p>THE monthly newsletter for exclusive content and the latest news on sport and parasport:<\/p>\n<p>[\/et_pb_text][\/et_pb_column][et_pb_column type=&#8221;3_5&#8243; _builder_version=&#8221;4.20.2&#8243; _module_preset=&#8221;default&#8221; background_color=&#8221;#FCD200&#8243; background_image=&#8221;https:\/\/www.salondessports.fr\/app\/uploads\/2023\/07\/Rectangle-10.png&#8221; background_size=&#8221;contain&#8221; border_radii=&#8221;on|20px|20px|20px|20px&#8221; global_colors_info=&#8221;{}&#8221;][et_pb_image src=&#8221;https:\/\/www.salondessports.fr\/app\/uploads\/2024\/08\/Newsletter-mensuelle-Sports-Parasports-1.webp&#8221; alt=&#8221;Newsletter mensuelle du sport et parasport&#8221; title_text=&#8221;Newsletter mensuelle du sport et parasport&#8221; align=&#8221;center&#8221; _builder_version=&#8221;4.20.2&#8243; _module_preset=&#8221;default&#8221; max_height=&#8221;198px&#8221; custom_margin=&#8221;||22px|||&#8221; custom_padding=&#8221;27px|||||&#8221; global_colors_info=&#8221;{}&#8221;][\/et_pb_image][et_pb_code _builder_version=&#8221;4.20.2&#8243; _module_preset=&#8221;default&#8221; custom_padding=&#8221;4px|50px||50px|false|true&#8221; hover_enabled=&#8221;0&#8243; global_colors_info=&#8221;{}&#8221; sticky_enabled=&#8221;0&#8243;]<div role=\"form\" class=\"wpcf7\" id=\"wpcf7-f287-o1\" lang=\"fr-FR\" dir=\"ltr\">\n<div class=\"screen-reader-response\"><p role=\"status\" aria-live=\"polite\" aria-atomic=\"true\"><\/p> <ul><\/ul><\/div>\n<form action=\"\/en\/wp-json\/wp\/v2\/pages\/23538#wpcf7-f287-o1\" method=\"post\" class=\"wpcf7-form init\" novalidate=\"novalidate\" data-status=\"init\">\n<div style=\"display: none;\">\n<input type=\"hidden\" name=\"_wpcf7\" value=\"287\" \/>\n<input type=\"hidden\" name=\"_wpcf7_version\" value=\"5.6.4\" \/>\n<input type=\"hidden\" name=\"_wpcf7_locale\" value=\"fr_FR\" \/>\n<input type=\"hidden\" name=\"_wpcf7_unit_tag\" value=\"wpcf7-f287-o1\" \/>\n<input type=\"hidden\" name=\"_wpcf7_container_post\" value=\"0\" \/>\n<input type=\"hidden\" name=\"_wpcf7_posted_data_hash\" value=\"\" \/>\n<input type=\"hidden\" name=\"_wpcf7_recaptcha_response\" value=\"\" \/>\n<\/div>\n<div class=\"swform__wrapper\">\n<div class=\"swform__columns\">\n<div class=\"swform__column-30\">\n<p style=\"margin:0;\"><label for=\"startup\"><strong>Civilit\u00e9<\/strong><\/label><\/p>\n<div class=\"swform__column-50-left\">\n<div class=\"swform__cont-field swform__cont-field--radio\">\n<span class=\"wpcf7-form-control-wrap\" data-name=\"civilite\"><span class=\"wpcf7-form-control wpcf7-radio\"><span class=\"wpcf7-list-item first last\"><label><input type=\"radio\" name=\"civilite\" value=\"Madame\" \/><span class=\"wpcf7-list-item-label\">Madame<\/span><\/label><\/span><\/span><\/span>\n<\/div>\n<\/div>\n<div class=\"swform__column-50-right\">\n<div class=\"swform__cont-field swform__cont-field--radio\">\n<span class=\"wpcf7-form-control-wrap\" data-name=\"civilite\"><span class=\"wpcf7-form-control wpcf7-radio\"><span class=\"wpcf7-list-item first last\"><label><input type=\"radio\" name=\"civilite\" value=\"Monsieur\" checked=\"checked\" \/><span class=\"wpcf7-list-item-label\">Monsieur<\/span><\/label><\/span><\/span><\/span>\n<\/div>\n<\/div>\n<div class=\"swform__column-50-left\">\n<div class=\"swform__cont-field\">\n<label for=\"nom\">*Nom<\/label><span class=\"wpcf7-form-control-wrap\" data-name=\"nom\"><input type=\"text\" name=\"nom\" value=\"\" size=\"40\" class=\"wpcf7-form-control wpcf7-text wpcf7-validates-as-required\" aria-required=\"true\" aria-invalid=\"false\" \/><\/span>\n<\/div>\n<\/div>\n<div class=\"swform__column-50-right\">\n<div class=\"swform__cont-field\">\n<label for=\"prenom\">*Pr\u00e9nom<\/label><span class=\"wpcf7-form-control-wrap\" data-name=\"prenom\"><input type=\"text\" name=\"prenom\" value=\"\" size=\"40\" class=\"wpcf7-form-control wpcf7-text wpcf7-validates-as-required\" aria-required=\"true\" aria-invalid=\"false\" \/><\/span>\n<\/div>\n<\/div>\n<div class=\"swform__column-50-left\">\n<div class=\"swform__cont-field\">\n<label for=\"collectivite_organisme\">*Collectivit\u00e9 \/ organisme<\/label><span class=\"wpcf7-form-control-wrap\" data-name=\"societe\"><input type=\"text\" name=\"societe\" value=\"\" size=\"40\" class=\"wpcf7-form-control wpcf7-text wpcf7-validates-as-required\" aria-required=\"true\" aria-invalid=\"false\" \/><\/span>\n<\/div>\n<\/div>\n<div class=\"swform__column-50-right\">\n<div class=\"swform__cont-field\">\n<label for=\"fonction\">Fonction<\/label><span class=\"wpcf7-form-control-wrap\" data-name=\"fonction\"><input type=\"text\" name=\"fonction\" value=\"\" size=\"40\" class=\"wpcf7-form-control wpcf7-text\" aria-invalid=\"false\" \/><\/span>\n<\/div>\n<\/div>\n<div class=\"swform__column-50-left\">\n<div class=\"swform__cont-field swform__cont-field--email\">\n<label for=\"email\">*Email<\/label><span class=\"wpcf7-form-control-wrap\" data-name=\"email\"><input type=\"email\" name=\"email\" value=\"\" size=\"40\" class=\"wpcf7-form-control wpcf7-text wpcf7-email wpcf7-validates-as-required wpcf7-validates-as-email\" aria-required=\"true\" aria-invalid=\"false\" \/><\/span>\n<\/div>\n<\/div>\n<div class=\"swform__column-50-right\">\n<div class=\"swform__cont-field swform__cont-field--email\">\n<label for=\"confirm_email\">*Confirmation E-mail<\/label><span class=\"wpcf7-form-control-wrap\" data-name=\"email\"><input type=\"email\" name=\"email\" value=\"\" size=\"40\" class=\"wpcf7-form-control wpcf7-text wpcf7-email wpcf7-validates-as-required wpcf7-validates-as-email\" aria-required=\"true\" aria-invalid=\"false\" \/><\/span>\n<\/div>\n<\/div>\n<div class=\"swform__cont-field swform__cont-field--submit\">\n<div class=\"cont-submit\" style=\"text-align:center\">\n<button class=\"bttn\" type=\"submit\"><span class=\"bttn__cont-label-icon\"><span class=\"bttn__label\" style=\"color:#292984\" >Valider<\/span><\/span><\/button>\n<\/div>\n<\/div>\n<\/div>\n<div class=\"frc-captcha \" data-sitekey=\"FCMNOAQKR682URU4\" data-lang=\"en\" ><\/div>\n\t\t<noscript>You need to enable Javascript for the anti-spam check.<\/noscript><div class=\"wpcf7-response-output\" aria-hidden=\"true\"><\/div><\/form><\/div>[\/et_pb_code][et_pb_text _builder_version=&#8221;4.20.2&#8243; _module_preset=&#8221;default&#8221; text_line_height=&#8221;1.1em&#8221; custom_padding=&#8221;|30px|30px|30px|false|true&#8221; hover_enabled=&#8221;0&#8243; global_colors_info=&#8221;{}&#8221; sticky_enabled=&#8221;0&#8243;]<\/p>\n<div class=\" wp-block-column\" style=\"flex-basis: 66.66%;\">\n<p style=\"font-size: 11px;\">The personal information collected is processed by Groupe Moniteur&#8217;s Salon des Sports et Parasports, Cr\u00e9teil B 403 080 823, and is required, among other things, to process your request and is recorded in our files. Groupe Moniteur or any company in the Infopro Digital group may use these files to offer you, on their behalf or on behalf of their clients, products and\/or services useful to your professional activities or to include you in professional directories. To exercise your rights, to object or to find out more: \u00a0<span style=\"text-decoration: underline;\"><a rel=\"noreferrer noopener\" href=\"https:\/\/www.infopro-digital.com\/fr\/protection-des-donnees\/\" target=\"_blank\">Personal data charter<\/a>.<\/span><\/p>\n<\/div>\n<p>[\/et_pb_text][\/et_pb_column][\/et_pb_row][\/et_pb_section]<\/p>\n","protected":false},"excerpt":{"rendered":"<p><div class=\"et_pb_module dsm_breadcrumbs dsm_breadcrumbs_0\">\n\t\t\t\t\n\t\t\t\t\n\t\t\t\t\n\t\t\t\t\n\t\t\t\t\n\t\t\t\t\n\t\t\t\t<div class=\"et_pb_module_inner\">\n\t\t\t\t\t<nav class=\"dsm_breadcrumbs_wrap\">\n\t\t\t\t<ul class=\"dsm_breadcrumbs\" itemscope itemtype=\"https:\/\/schema.org\/BreadcrumbList\">\t\t\t<li class=\"dsm_breadcrumbs_item dsm_home_item dsm_home_item_custom\" itemprop=\"itemListElement\" itemscope\n\t\t\titemtype=\"https:\/\/schema.org\/ListItem\">\n\t\t\t\t<a href=\"https:\/\/www.salondessports.fr\/en\/\" itemprop=\"item\" target=\"\">\n\t\t\t\t\t<span class='dsm_home_text_wrapper'>\n\t\t\t\t\t\t\t\t\t\t\t\t\t<span class=\"et-pb-icon dsm_home_icon\">&#xf015;<\/span>\n\t\t\t\t\t\t\t\t\t\t\t\t\t<span class=\"dsm_home_text\" itemprop=\"name\">\n\t\t\t\t\t\t\t\tHome\t\t\t\t\t\t\t<\/span>\n\t\t\t\t\t<\/span>\n\t\t\t\t<\/a>\n\t\t\t\t<meta itemprop=\"position\" content=\"1\" \/>\n\t\t\t<\/li>\n\n\t\t<li class=\"dsm_breadcrumbs_separator\"> <span class=\"et-pb-icon dsm_separator_icon\">&#x39;<\/span><\/li><\/ul>\n\t\t\t<\/nav>\n\t\t\t\t<\/div>\n\t\t\t<\/div>CAREERS IN AND AROUND SPORTNew this year, the Sports Professions Day is THE day to discover or present the professions, career paths and careers in sport, whether in the sports movement, local authorities, clubs &amp; associations or companies in the sector. But it&#8217;s also a day for exchanging and sharing information about the challenges, needs and realities of professions &#8211; skills &#8211; training &#8211; career paths, and above all a unique opportunity to find and\/or apply for job offers. The event is part of the Semaine des M\u00e9tiers de l&#8217;Emploi organised by the Ministry of Sport, Youth and the Voluntary Sector. Your springboard into the world of sport!WHAT IS SPORTS CAREER DAY? Jobs, training, meetings: a tailor-made programme.On Thursday 21 November 2024, come and explore the many facets of this fast-growing sector at the Sports Professions Day with : \u203a Job offers, work-study schemes and internships, along with a presentation of these professions and the training required, will be on display at exhibitors&#8217; stands. \u203a A recruitment operation \u2018From the stadium to the job\u2019 organised by France Travail, to be recruited in a different way, without a CV, through the [&hellip;]<\/p>\n","protected":false},"author":9,"featured_media":0,"parent":0,"menu_order":0,"comment_status":"closed","ping_status":"closed","template":"","meta":{"_et_pb_use_builder":"on","_et_pb_old_content":"","_et_gb_content_width":"","footnotes":""},"class_list":["post-23538","page","type-page","status-publish","hentry"],"acf":[],"yoast_head":"<!-- This site is optimized with the Yoast SEO plugin v23.9 - https:\/\/yoast.com\/wordpress\/plugins\/seo\/ -->\n<title>Sports careers day - Salon des Sports et Parasports<\/title>\n<meta name=\"robots\" content=\"index, follow, max-snippet:-1, max-image-preview:large, max-video-preview:-1\" \/>\n<link rel=\"canonical\" href=\"https:\/\/www.salondessports.fr\/la-journee-des-metiers-du-sport\/\" \/>\n<meta property=\"og:locale\" content=\"en_US\" \/>\n<meta property=\"og:type\" content=\"article\" \/>\n<meta property=\"og:title\" content=\"Sports careers day - Salon des Sports et Parasports\" \/>\n<meta property=\"og:description\" content=\"CAREERS IN AND AROUND SPORTNew this year, the Sports Professions Day is THE day to discover or present the professions, career paths and careers in sport, whether in the sports movement, local authorities, clubs &amp; associations or companies in the sector. But it&#039;s also a day for exchanging and sharing information about the challenges, needs and realities of professions - skills - training - career paths, and above all a unique opportunity to find and\/or apply for job offers. The event is part of the Semaine des M\u00e9tiers de l&#039;Emploi organised by the Ministry of Sport, Youth and the Voluntary Sector. Your springboard into the world of sport!WHAT IS SPORTS CAREER DAY? Jobs, training, meetings: a tailor-made programme.On Thursday 21 November 2024, come and explore the many facets of this fast-growing sector at the Sports Professions Day with : \u203a Job offers, work-study schemes and internships, along with a presentation of these professions and the training required, will be on display at exhibitors&#039; stands. \u203a A recruitment operation \u2018From the stadium to the job\u2019 organised by France Travail, to be recruited in a different way, without a CV, through the [&hellip;]\" \/>\n<meta property=\"og:url\" content=\"https:\/\/www.salondessports.fr\/la-journee-des-metiers-du-sport\/\" \/>\n<meta property=\"og:site_name\" content=\"Salon des Sports et Parasports\" \/>\n<meta property=\"article:modified_time\" content=\"2025-05-23T16:40:16+00:00\" \/>\n<meta property=\"og:image\" content=\"https:\/\/www.salondessports.fr\/app\/uploads\/2025\/09\/horizontal-bleu.png\" \/>\n\t<meta property=\"og:image:width\" content=\"1191\" \/>\n\t<meta property=\"og:image:height\" content=\"842\" \/>\n\t<meta property=\"og:image:type\" content=\"image\/png\" \/>\n<meta name=\"twitter:card\" content=\"summary_large_image\" \/>\n<meta name=\"twitter:label1\" content=\"Est. reading time\" \/>\n\t<meta name=\"twitter:data1\" content=\"11 minutes\" \/>\n<script type=\"application\/ld+json\" class=\"yoast-schema-graph\">{\"@context\":\"https:\/\/schema.org\",\"@graph\":[{\"@type\":\"WebPage\",\"@id\":\"https:\/\/www.salondessports.fr\/la-journee-des-metiers-du-sport\/\",\"url\":\"https:\/\/www.salondessports.fr\/la-journee-des-metiers-du-sport\/\",\"name\":\"Sports careers day - Salon des Sports et Parasports\",\"isPartOf\":{\"@id\":\"https:\/\/www.salondessports.fr\/#website\"},\"datePublished\":\"2025-04-07T21:27:48+00:00\",\"dateModified\":\"2025-05-23T16:40:16+00:00\",\"breadcrumb\":{\"@id\":\"https:\/\/www.salondessports.fr\/la-journee-des-metiers-du-sport\/#breadcrumb\"},\"inLanguage\":\"en-US\",\"potentialAction\":[{\"@type\":\"ReadAction\",\"target\":[\"https:\/\/www.salondessports.fr\/la-journee-des-metiers-du-sport\/\"]}]},{\"@type\":\"BreadcrumbList\",\"@id\":\"https:\/\/www.salondessports.fr\/la-journee-des-metiers-du-sport\/#breadcrumb\",\"itemListElement\":[{\"@type\":\"ListItem\",\"position\":1,\"name\":\"Home\",\"item\":\"https:\/\/www.salondessports.fr\/en\/\"},{\"@type\":\"ListItem\",\"position\":2,\"name\":\"Sports careers day\"}]},{\"@type\":\"WebSite\",\"@id\":\"https:\/\/www.salondessports.fr\/#website\",\"url\":\"https:\/\/www.salondessports.fr\/\",\"name\":\"Salon des Sports et Parasports\",\"description\":\"Ensemble, sur tous les terrains\",\"alternateName\":\"Salon des Sports\",\"potentialAction\":[{\"@type\":\"SearchAction\",\"target\":{\"@type\":\"EntryPoint\",\"urlTemplate\":\"https:\/\/www.salondessports.fr\/?s={search_term_string}\"},\"query-input\":{\"@type\":\"PropertyValueSpecification\",\"valueRequired\":true,\"valueName\":\"search_term_string\"}}],\"inLanguage\":\"en-US\"}]}<\/script>\n<!-- \/ Yoast SEO plugin. -->","yoast_head_json":{"title":"Sports careers day - Salon des Sports et Parasports","robots":{"index":"index","follow":"follow","max-snippet":"max-snippet:-1","max-image-preview":"max-image-preview:large","max-video-preview":"max-video-preview:-1"},"canonical":"https:\/\/www.salondessports.fr\/la-journee-des-metiers-du-sport\/","og_locale":"en_US","og_type":"article","og_title":"Sports careers day - Salon des Sports et Parasports","og_description":"CAREERS IN AND AROUND SPORTNew this year, the Sports Professions Day is THE day to discover or present the professions, career paths and careers in sport, whether in the sports movement, local authorities, clubs &amp; associations or companies in the sector. But it's also a day for exchanging and sharing information about the challenges, needs and realities of professions - skills - training - career paths, and above all a unique opportunity to find and\/or apply for job offers. The event is part of the Semaine des M\u00e9tiers de l'Emploi organised by the Ministry of Sport, Youth and the Voluntary Sector. Your springboard into the world of sport!WHAT IS SPORTS CAREER DAY? Jobs, training, meetings: a tailor-made programme.On Thursday 21 November 2024, come and explore the many facets of this fast-growing sector at the Sports Professions Day with : \u203a Job offers, work-study schemes and internships, along with a presentation of these professions and the training required, will be on display at exhibitors' stands. \u203a A recruitment operation \u2018From the stadium to the job\u2019 organised by France Travail, to be recruited in a different way, without a CV, through the [&hellip;]","og_url":"https:\/\/www.salondessports.fr\/la-journee-des-metiers-du-sport\/","og_site_name":"Salon des Sports et Parasports","article_modified_time":"2025-05-23T16:40:16+00:00","og_image":[{"width":1191,"height":842,"url":"https:\/\/www.salondessports.fr\/app\/uploads\/2025\/09\/horizontal-bleu.png","type":"image\/png"}],"twitter_card":"summary_large_image","twitter_misc":{"Est. reading time":"11 minutes"},"schema":{"@context":"https:\/\/schema.org","@graph":[{"@type":"WebPage","@id":"https:\/\/www.salondessports.fr\/la-journee-des-metiers-du-sport\/","url":"https:\/\/www.salondessports.fr\/la-journee-des-metiers-du-sport\/","name":"Sports careers day - Salon des Sports et Parasports","isPartOf":{"@id":"https:\/\/www.salondessports.fr\/#website"},"datePublished":"2025-04-07T21:27:48+00:00","dateModified":"2025-05-23T16:40:16+00:00","breadcrumb":{"@id":"https:\/\/www.salondessports.fr\/la-journee-des-metiers-du-sport\/#breadcrumb"},"inLanguage":"en-US","potentialAction":[{"@type":"ReadAction","target":["https:\/\/www.salondessports.fr\/la-journee-des-metiers-du-sport\/"]}]},{"@type":"BreadcrumbList","@id":"https:\/\/www.salondessports.fr\/la-journee-des-metiers-du-sport\/#breadcrumb","itemListElement":[{"@type":"ListItem","position":1,"name":"Home","item":"https:\/\/www.salondessports.fr\/en\/"},{"@type":"ListItem","position":2,"name":"Sports careers day"}]},{"@type":"WebSite","@id":"https:\/\/www.salondessports.fr\/#website","url":"https:\/\/www.salondessports.fr\/","name":"Salon des Sports et Parasports","description":"Ensemble, sur tous les terrains","alternateName":"Salon des Sports","potentialAction":[{"@type":"SearchAction","target":{"@type":"EntryPoint","urlTemplate":"https:\/\/www.salondessports.fr\/?s={search_term_string}"},"query-input":{"@type":"PropertyValueSpecification","valueRequired":true,"valueName":"search_term_string"}}],"inLanguage":"en-US"}]}},"_links":{"self":[{"href":"https:\/\/www.salondessports.fr\/en\/wp-json\/wp\/v2\/pages\/23538","targetHints":{"allow":["GET"]}}],"collection":[{"href":"https:\/\/www.salondessports.fr\/en\/wp-json\/wp\/v2\/pages"}],"about":[{"href":"https:\/\/www.salondessports.fr\/en\/wp-json\/wp\/v2\/types\/page"}],"author":[{"embeddable":true,"href":"https:\/\/www.salondessports.fr\/en\/wp-json\/wp\/v2\/users\/9"}],"replies":[{"embeddable":true,"href":"https:\/\/www.salondessports.fr\/en\/wp-json\/wp\/v2\/comments?post=23538"}],"version-history":[{"count":5,"href":"https:\/\/www.salondessports.fr\/en\/wp-json\/wp\/v2\/pages\/23538\/revisions"}],"predecessor-version":[{"id":23547,"href":"https:\/\/www.salondessports.fr\/en\/wp-json\/wp\/v2\/pages\/23538\/revisions\/23547"}],"wp:attachment":[{"href":"https:\/\/www.salondessports.fr\/en\/wp-json\/wp\/v2\/media?parent=23538"}],"curies":[{"name":"wp","href":"https:\/\/api.w.org\/{rel}","templated":true}]}}